{"id":36,"date":"2019-05-15T08:49:03","date_gmt":"2019-05-15T08:49:03","guid":{"rendered":"https:\/\/estodiac.eu\/eestidiakoonia\/?page_id=36"},"modified":"2019-05-16T07:25:17","modified_gmt":"2019-05-16T07:25:17","slug":"transport","status":"publish","type":"page","link":"https:\/\/estodiac.eu\/eestidiakoonia\/teenused\/transport\/","title":{"rendered":"Transport"},"content":{"rendered":"\n<h3 class=\"wp-block-heading\"><strong>Transporditeenus <\/strong><\/h3>\n\n\n\n<h4 class=\"wp-block-heading\">1. Teenuse eesm\u00e4rk <\/h4>\n\n\n\n<p>Transporditeenust on \u00f5igus kasutada\nraske v\u00f5i s\u00fcgava puudega lapsel, kes on suunataud eelnevalt v\u00f5i samaaegselt ESF\nvahenditest rahastatud lapsehoiu- ja\/v\u00f5i tugiisikuteenusele. Selguse m\u00f5ttes,\ntransporditeenust ei saa osutada iseseisva teenusena, ilma, et laps oleks\neelnevalt v\u00f5i samaaegselt suunatud lapsehoiu- ja\/v\u00f5i tugiisikuteenusele.\nTransporditeenuse osutamise eesm\u00e4rk on v\u00f5imaldada raske v\u00f5i s\u00fcgava puudega\nlapsel ja vajadusel tema saatjal (tugiisikul) kasutada lapsehoiuteenust ja\/v\u00f5i\ntugiisikuteenust.&nbsp; <\/p>\n\n\n\n<h4 class=\"wp-block-heading\">2. Teenuse kirjeldus <\/h4>\n\n\n\n<p>Transporditeenus on toetav teenus,\nmis v\u00f5imaldab raske ja s\u00fcgava puudega lastel kasutada ESF projektist\nrahastatavat tugiisiku- v\u00f5i lapsehoiuteenust. Projektist rahastatava\ntransporditeenusega ei v\u00f5eta \u00fcle sotsiaalhoolekande seaduses kohaliku\nomavalitsuse \u00fcksuse sotsiaalteenusena kirjeldatud sotsiaaltransporditeenust,\nmille eesm\u00e4rk on korraldada puudega lastele sotsiaaltransporditeenust\n\u00f5ppeasutusse s\u00f5itmiseks v\u00f5i avalike teenuste kasutamiseks.&nbsp; <\/p>\n\n\n\n<h4 class=\"wp-block-heading\"><strong>3.<\/strong><strong> Transporditeenus\nsisaldab: <\/strong><\/h4>\n\n\n\n<ul class=\"wp-block-list\"><li>lapse vastuv\u00f5tmist saatjalt ja \u00fcleandmist saatjale; <\/li><li>lapse s\u00f5idukisse ja s\u00f5idukist maha aitamist; <\/li><li>lapse ja vajadusel abivahendi (nt ratastool) kinnitamist turvav\u00f6\u00f6ga;<\/li><li>muudes tingimustes lepitakse kokku Teenuse osutajaga. <\/li><\/ul>\n\n\n\n<h4 class=\"wp-block-heading\"><strong>4.<\/strong><strong> Transporditeenuse\nkasutamisel: <\/strong><\/h4>\n\n\n\n<ul class=\"wp-block-list\"><li>on keelatud reisida s\u00f5idukijuhti ohustada v\u00f5ivas seisundis v\u00f5i ilma vajaliku saatjata; <\/li><li>tohib lapse saatja s\u00f5idukisse siseneda ja sealt v\u00e4ljuda vaid koos kliendiga (lapsega) ning ei tohi reisida s\u00f5idukijuhti v\u00f5i teisi reisijaid ohustada v\u00f5ivas seisundis. <\/li><\/ul>\n\n\n\n<h4 class=\"wp-block-heading\">5. Teenuse\nosutamise aeg ja marsruut <\/h4>\n\n\n\n<p>Transporditeenust osutatakse \u00fcksnes raske ja s\u00fcgava\npuudega lapsele ning vajadusel tema saatjale, kes vajab transporti\nlapsehoiuteenuse v\u00f5i tugiisikuteenuse kasutamiseks. T\u00e4psem Teenuse marsruut ja\najad lepitakse eelnevalt kokku Teenuse saaja ja Teenuse pakkuja vahel.&nbsp; <\/p>\n\n\n\n<p>Transporditeenuse\nabil saab laps s\u00f5ita: <\/p>\n\n\n\n<ul class=\"wp-block-list\"><li>lapsehoiu- ja \/v\u00f5i tugiisikuteenusele ja tagasi; <\/li><li>koos tugiisikuga avalikele Teenustele (sh rehabilitatsiooniteenus,\nsotsiaalteenused, kooliv\u00e4lised s\u00fcndmused, huvitegevus jms). &nbsp;<\/li><\/ul>\n\n\n\n<h4 class=\"wp-block-heading\">6. Teenuse\nosutaja <\/h4>\n\n\n\n<p>Teenuse osutaja v\u00f5ib olla f\u00fc\u00fcsilisest isikust ettev\u00f5tja, juriidiline isik,\nkohaliku omavalitsuse \u00fcksus ja riik t\u00e4idesaatva riigiv\u00f5imu asutuste kaudu.\nTransporditeenuste vahetu osutaja, transpordiks kasutatav s\u00f5iduk ning pakutav\nteenus peavad vastama k\u00f5ikidele \u00f5igusaktidega kehtestatud n\u00f5uetele.&nbsp; <\/p>\n\n\n\n<p><strong>7. &nbsp;\u00dcldn\u00f5uded transporditeenuse osutajale <\/strong><\/p>\n\n\n\n<ul class=\"wp-block-list\"><li> s\u00f5idud tohivad toimuda Eesti Vabariigi piires;  <\/li><li>s\u00f5idukite t\u00fchis\u00f5ite<a href=\"#_ftn1\"><sup>[1]<\/sup><\/a> tasustatakse;&nbsp; <\/li><li>transporditeenuse osutamiseks kasutatav s\u00f5iduk peab olema ehitatud s\u00f5itjate veoks ning pakkuma kliendile mugavust ja turvalisust; <\/li><li>s\u00f5iduk peab olema sobilik erivajadustega laste ning vajadusel ka abivahendite transpordiks; <\/li><li>Teenuse osutaja peab tagama Teenuse osutamisel teatavaks saadud eraeluliste ja delikaatsete isikuandmete konfidentsiaalsuse. <\/li><\/ul>\n\n\n\n<hr class=\"wp-block-separator\"\/>\n\n\n\n<p><a name=\"_ftn1\">[1]<\/a>\n*T\u00fchis\u00f5it \u2013 teenindava s\u00f5iduki \u00fcle 15 minuti kestev t\u00fchjana l\u00e4bitav vahemaa\nkliendini j\u00f5udmiseks alates garaa\u017ei asukohast v\u00f5i eelmise kliendi\nmahapanekukohast v\u00f5i garaa\u017eini j\u00f5udmiseks alates viimase kliendi\nmahapanekukohast arvutatud l\u00fchima v\u00f5imaliku teekonna alusel. <\/p>\n","protected":false},"excerpt":{"rendered":"<p>Transporditeenus 1. Teenuse eesm\u00e4rk Transporditeenust on \u00f5igus kasutada raske v\u00f5i s\u00fcgava puudega lapsel, kes on suunataud eelnevalt v\u00f5i samaaegselt ESF vahenditest rahastatud lapsehoiu- ja\/v\u00f5i tugiisikuteenusele. Selguse m\u00f5ttes, transporditeenust ei saa osutada iseseisva teenusena, ilma, et laps oleks eelnevalt v\u00f5i samaaegselt suunatud lapsehoiu- ja\/v\u00f5i tugiisikuteenusele. Transporditeenuse osutamise eesm\u00e4rk on v\u00f5imaldada raske v\u00f5i s\u00fcgava puudega lapsel ja [&hellip;]<\/p>\n","protected":false},"author":1,"featured_media":0,"parent":30,"menu_order":0,"comment_status":"closed","ping_status":"closed","template":"","meta":{"footnotes":""},"class_list":["post-36","page","type-page","status-publish","hentry"],"_links":{"self":[{"href":"https:\/\/estodiac.eu\/eestidiakoonia\/wp-json\/wp\/v2\/pages\/36","targetHints":{"allow":["GET"]}}],"collection":[{"href":"https:\/\/estodiac.eu\/eestidiakoonia\/wp-json\/wp\/v2\/pages"}],"about":[{"href":"https:\/\/estodiac.eu\/eestidiakoonia\/wp-json\/wp\/v2\/types\/page"}],"author":[{"embeddable":true,"href":"https:\/\/estodiac.eu\/eestidiakoonia\/wp-json\/wp\/v2\/users\/1"}],"replies":[{"embeddable":true,"href":"https:\/\/estodiac.eu\/eestidiakoonia\/wp-json\/wp\/v2\/comments?post=36"}],"version-history":[{"count":0,"href":"https:\/\/estodiac.eu\/eestidiakoonia\/wp-json\/wp\/v2\/pages\/36\/revisions"}],"up":[{"embeddable":true,"href":"https:\/\/estodiac.eu\/eestidiakoonia\/wp-json\/wp\/v2\/pages\/30"}],"wp:attachment":[{"href":"https:\/\/estodiac.eu\/eestidiakoonia\/wp-json\/wp\/v2\/media?parent=36"}],"curies":[{"name":"wp","href":"https:\/\/api.w.org\/{rel}","templated":true}]}}